{"id":2178,"date":"2021-09-27T18:29:41","date_gmt":"2021-09-27T16:29:41","guid":{"rendered":"https:\/\/lalathings.com\/-\/Home\/?page_id=2178"},"modified":"2025-12-29T15:22:10","modified_gmt":"2025-12-29T14:22:10","slug":"accompagnement-vocal-et-artistique","status":"publish","type":"page","link":"https:\/\/lalathings.com\/-\/Home\/accompagnement-vocal-et-artistique\/","title":{"rendered":"Accompagnement Vocal et Artistique"},"content":{"rendered":"\t\t<div data-elementor-type=\"wp-page\" data-elementor-id=\"2178\" class=\"elementor elementor-2178\" data-elementor-post-type=\"page\">\n\t\t\t\t\t\t<section class=\"elementor-section elementor-top-section elementor-element elementor-element-30fffa8 elementor-section-boxed elementor-section-height-default elementor-section-height-default jltma-glass-effect-no\" data-id=\"30fffa8\" data-element_type=\"section\" data-e-type=\"section\">\n\t\t\t\t\t\t<div class=\"elementor-container elementor-column-gap-default\">\n\t\t\t\t\t<div class=\"elementor-column elementor-col-100 elementor-top-column elementor-element elementor-element-77d6f42 jltma-glass-effect-no\" data-id=\"77d6f42\" data-element_type=\"column\" data-e-type=\"column\">\n\t\t\t<div class=\"elementor-widget-wrap elementor-element-populated\">\n\t\t\t\t\t\t<div class=\"elementor-element elementor-element-3194d80 jltma-glass-effect-no elementor-widget elementor-widget-heading\" data-id=\"3194d80\" data-element_type=\"widget\" data-e-type=\"widget\" data-widget_type=\"heading.default\">\n\t\t\t\t<div class=\"elementor-widget-container\">\n\t\t\t\t\t<h2 class=\"elementor-heading-title elementor-size-default\">Accompagnement Vocal et Artistique<\/h2>\t\t\t\t<\/div>\n\t\t\t\t<\/div>\n\t\t\t\t\t<\/div>\n\t\t<\/div>\n\t\t\t\t\t<\/div>\n\t\t<\/section>\n\t\t\t\t<section class=\"elementor-section elementor-top-section elementor-element elementor-element-db42b96 elementor-section-boxed elementor-section-height-default elementor-section-height-default jltma-glass-effect-no\" data-id=\"db42b96\" data-element_type=\"section\" data-e-type=\"section\">\n\t\t\t\t\t\t<div class=\"elementor-container elementor-column-gap-default\">\n\t\t\t\t\t<div class=\"elementor-column elementor-col-100 elementor-top-column elementor-element elementor-element-aa19dd5 jltma-glass-effect-no\" data-id=\"aa19dd5\" data-element_type=\"column\" data-e-type=\"column\">\n\t\t\t<div class=\"elementor-widget-wrap elementor-element-populated\">\n\t\t\t\t\t\t<div class=\"elementor-element elementor-element-92d3707 jltma-glass-effect-no elementor-widget elementor-widget-heading\" data-id=\"92d3707\" data-element_type=\"widget\" data-e-type=\"widget\" data-widget_type=\"heading.default\">\n\t\t\t\t<div class=\"elementor-widget-container\">\n\t\t\t\t\t<h2 class=\"elementor-heading-title elementor-size-default\">Entra\u00eenement vocal et accompagnement de projets artistiques<\/h2>\t\t\t\t<\/div>\n\t\t\t\t<\/div>\n\t\t\t\t\t<\/div>\n\t\t<\/div>\n\t\t\t\t\t<\/div>\n\t\t<\/section>\n\t\t\t\t<section class=\"elementor-section elementor-top-section elementor-element elementor-element-35ad649 elementor-section-boxed elementor-section-height-default elementor-section-height-default jltma-glass-effect-no\" data-id=\"35ad649\" data-element_type=\"section\" data-e-type=\"section\">\n\t\t\t\t\t\t<div class=\"elementor-container elementor-column-gap-default\">\n\t\t\t\t\t<div class=\"elementor-column elementor-col-100 elementor-top-column elementor-element elementor-element-eabddd7 jltma-glass-effect-no\" data-id=\"eabddd7\" data-element_type=\"column\" data-e-type=\"column\">\n\t\t\t<div class=\"elementor-widget-wrap elementor-element-populated\">\n\t\t\t\t\t\t<div class=\"elementor-element elementor-element-755b74a elementor-widget-divider--view-line jltma-glass-effect-no elementor-widget elementor-widget-divider\" data-id=\"755b74a\" data-element_type=\"widget\" data-e-type=\"widget\" data-widget_type=\"divider.default\">\n\t\t\t\t<div class=\"elementor-widget-container\">\n\t\t\t\t\t\t\t<div class=\"elementor-divider\">\n\t\t\t<span class=\"elementor-divider-separator\">\n\t\t\t\t\t\t<\/span>\n\t\t<\/div>\n\t\t\t\t\t\t<\/div>\n\t\t\t\t<\/div>\n\t\t\t\t\t<\/div>\n\t\t<\/div>\n\t\t\t\t\t<\/div>\n\t\t<\/section>\n\t\t\t\t<section class=\"elementor-section elementor-top-section elementor-element elementor-element-816cc2c elementor-section-boxed elementor-section-height-default elementor-section-height-default jltma-glass-effect-no\" data-id=\"816cc2c\" data-element_type=\"section\" data-e-type=\"section\">\n\t\t\t\t\t\t<div class=\"elementor-container elementor-column-gap-default\">\n\t\t\t\t\t<div class=\"elementor-column elementor-col-50 elementor-top-column elementor-element elementor-element-a027966 jltma-glass-effect-no\" data-id=\"a027966\" data-element_type=\"column\" data-e-type=\"column\">\n\t\t\t<div class=\"elementor-widget-wrap elementor-element-populated\">\n\t\t\t\t\t\t<div class=\"elementor-element elementor-element-45cd036 jltma-glass-effect-no elementor-widget elementor-widget-heading\" data-id=\"45cd036\" data-element_type=\"widget\" data-e-type=\"widget\" data-widget_type=\"heading.default\">\n\t\t\t\t<div class=\"elementor-widget-container\">\n\t\t\t\t\t<h2 class=\"elementor-heading-title elementor-size-default\">Un projet ? <\/h2>\t\t\t\t<\/div>\n\t\t\t\t<\/div>\n\t\t\t\t<div class=\"elementor-element elementor-element-b7b2eba jltma-glass-effect-no elementor-widget elementor-widget-text-editor\" data-id=\"b7b2eba\" data-element_type=\"widget\" data-e-type=\"widget\" data-widget_type=\"text-editor.default\">\n\t\t\t\t<div class=\"elementor-widget-container\">\n\t\t\t\t\t\t\t\t\t<p data-start=\"106\" data-end=\"248\">Tu portes un <strong>projet artistique<\/strong> et aimerais b\u00e9n\u00e9ficier d\u2019un <strong>accompagnement vocal<\/strong> ?\u2028<br data-start=\"135\" data-end=\"138\" \/>Tu souhaites offrir \u00e0 tes com\u00e9diens des <strong>outils de technique vocale<\/strong> ?<\/p><p data-start=\"250\" data-end=\"437\">Tu veux d\u00e9velopper ton expression parl\u00e9e et chant\u00e9e, et l\u2019affirmer pleinement sur sc\u00e8ne ?<br \/>Tu cherches \u00e0 <strong>fa\u00e7onner la voix d\u2019un personnage<\/strong> ou \u00e0 enrichir tes <strong>performances en studio<\/strong> ou en<strong> live<\/strong> ?<\/p><p>J\u2019accompagne artistes, com\u00e9dien\u00b7nes et chanteur\u00b7ses dans l\u2019exploration et le d\u00e9veloppement de leur voix, en lien \u00e9troit avec le corps et la sc\u00e8ne.<\/p><p>Mon approche associe <strong>pr\u00e9cision technique<\/strong> et <strong>libert\u00e9 cr\u00e9ative<\/strong>, pour transformer un solo, un ch\u0153ur ou une sc\u00e8ne enti\u00e8re en mati\u00e8re vivante et vibrante.<\/p><p><strong>\u00c0 l\u2019\u00e9coute de chaque projet<\/strong>, je propose des outils concrets pour affiner rythmes, nuances et timbres, tout en ouvrant un espace d\u2019exploration et d\u2019improvisation. La voix devient alors plus qu\u2019un instrument : une v\u00e9ritable force expressive, au service de la cr\u00e9ation.<\/p><p>Pendant ces cours, nous travaillerons <strong>selon tes besoins<\/strong> : technique, musicalit\u00e9, interpr\u00e9tation, \u00e9motions, exploration vocale et cr\u00e9ativit\u00e9.<\/p>\t\t\t\t\t\t\t\t<\/div>\n\t\t\t\t<\/div>\n\t\t\t\t\t<\/div>\n\t\t<\/div>\n\t\t\t\t<div class=\"elementor-column elementor-col-50 elementor-top-column elementor-element elementor-element-db5305e jltma-glass-effect-no\" data-id=\"db5305e\" data-element_type=\"column\" data-e-type=\"column\">\n\t\t\t<div class=\"elementor-widget-wrap elementor-element-populated\">\n\t\t\t\t\t\t<div class=\"elementor-element elementor-element-2dadf75 jltma-glass-effect-no elementor-widget elementor-widget-heading\" data-id=\"2dadf75\" data-element_type=\"widget\" data-e-type=\"widget\" data-widget_type=\"heading.default\">\n\t\t\t\t<div class=\"elementor-widget-container\">\n\t\t\t\t\t<h2 class=\"elementor-heading-title elementor-size-default\">Comment proc\u00e9der ? <\/h2>\t\t\t\t<\/div>\n\t\t\t\t<\/div>\n\t\t\t\t<div class=\"elementor-element elementor-element-e27dc6e jltma-glass-effect-no elementor-widget elementor-widget-text-editor\" data-id=\"e27dc6e\" data-element_type=\"widget\" data-e-type=\"widget\" data-widget_type=\"text-editor.default\">\n\t\t\t\t<div class=\"elementor-widget-container\">\n\t\t\t\t\t\t\t\t\t<p>Appelle ou fais ta demande par mail pour \u00e9changer sur ton projet de travail nous verrons ensemble comment pr\u00e9parer ton travail en amont et adapter l\u2019accompagnement \u00e0 tes besoins selon ton budget.\u00a0<\/p>\t\t\t\t\t\t\t\t<\/div>\n\t\t\t\t<\/div>\n\t\t\t\t<div class=\"elementor-element elementor-element-1f1ea71 jltma-glass-effect-no elementor-widget elementor-widget-text-editor\" data-id=\"1f1ea71\" data-element_type=\"widget\" data-e-type=\"widget\" data-widget_type=\"text-editor.default\">\n\t\t\t\t<div class=\"elementor-widget-container\">\n\t\t\t\t\t\t\t\t\t<p><strong>Dur\u00e9e<\/strong>s : au choix<\/p>\n<p><strong>Lieu<\/strong> : En visio , sur Nanterre ou \u00e0 ton domicile<\/p>\n<p><strong>Tarif<\/strong>&nbsp;: par personne<\/p>\n<p>1 h de cours &#8211; 60\u20ac&nbsp;<\/p>\n<p>2h de cours &#8211; 100\u20ac<\/p>\n<p>La journ\u00e9e &#8211; 250\u20ac<\/p>\n<p>me contacter pour toute autre demande ( groupes, stages )<\/p>\n<p><strong>R\u00e9servations&nbsp; <\/strong>: d.monge@free.fr ou 06 76 55 36 80<\/p>\t\t\t\t\t\t\t\t<\/div>\n\t\t\t\t<\/div>\n\t\t\t\t\t<\/div>\n\t\t<\/div>\n\t\t\t\t\t<\/div>\n\t\t<\/section>\n\t\t\t\t<section class=\"elementor-section elementor-top-section elementor-element elementor-element-0a73808 elementor-section-boxed elementor-section-height-default elementor-section-height-default jltma-glass-effect-no\" data-id=\"0a73808\" data-element_type=\"section\" data-e-type=\"section\">\n\t\t\t\t\t\t<div class=\"elementor-container elementor-column-gap-default\">\n\t\t\t\t\t<div class=\"elementor-column elementor-col-100 elementor-top-column elementor-element elementor-element-2816bbb jltma-glass-effect-no\" data-id=\"2816bbb\" data-element_type=\"column\" data-e-type=\"column\">\n\t\t\t<div class=\"elementor-widget-wrap elementor-element-populated\">\n\t\t\t\t\t\t<div class=\"elementor-element elementor-element-c831ac0 elementor-widget-divider--view-line jltma-glass-effect-no elementor-widget elementor-widget-divider\" data-id=\"c831ac0\" data-element_type=\"widget\" data-e-type=\"widget\" data-widget_type=\"divider.default\">\n\t\t\t\t<div class=\"elementor-widget-container\">\n\t\t\t\t\t\t\t<div class=\"elementor-divider\">\n\t\t\t<span class=\"elementor-divider-separator\">\n\t\t\t\t\t\t<\/span>\n\t\t<\/div>\n\t\t\t\t\t\t<\/div>\n\t\t\t\t<\/div>\n\t\t\t\t<div class=\"elementor-element elementor-element-afa2b01 jltma-glass-effect-no elementor-widget elementor-widget-heading\" data-id=\"afa2b01\" data-element_type=\"widget\" data-e-type=\"widget\" data-widget_type=\"heading.default\">\n\t\t\t\t<div class=\"elementor-widget-container\">\n\t\t\t\t\t<h2 class=\"elementor-heading-title elementor-size-default\">T\u00e9moignages<\/h2>\t\t\t\t<\/div>\n\t\t\t\t<\/div>\n\t\t\t\t\t<\/div>\n\t\t<\/div>\n\t\t\t\t\t<\/div>\n\t\t<\/section>\n\t\t\t\t<section class=\"elementor-section elementor-top-section elementor-element elementor-element-d45e7c6 elementor-section-content-top elementor-section-boxed elementor-section-height-default elementor-section-height-default jltma-glass-effect-no\" data-id=\"d45e7c6\" data-element_type=\"section\" data-e-type=\"section\">\n\t\t\t\t\t\t<div class=\"elementor-container elementor-column-gap-default\">\n\t\t\t\t\t<div class=\"elementor-column elementor-col-50 elementor-top-column elementor-element elementor-element-ae8e00c jltma-glass-effect-no\" data-id=\"ae8e00c\" data-element_type=\"column\" data-e-type=\"column\">\n\t\t\t<div class=\"elementor-widget-wrap elementor-element-populated\">\n\t\t\t\t\t\t<div class=\"elementor-element elementor-element-3f857e4 jltma-glass-effect-no elementor-widget elementor-widget-image\" data-id=\"3f857e4\" data-element_type=\"widget\" data-e-type=\"widget\" data-widget_type=\"image.default\">\n\t\t\t\t<div class=\"elementor-widget-container\">\n\t\t\t\t\t\t\t\t\t\t\t\t\t\t\t<img decoding=\"async\" src=\"https:\/\/lalathings.com\/-\/wp-content\/uploads\/2025\/10\/Emma--scaled.jpg\" title=\"Emma-\" alt=\"Emma-\" loading=\"lazy\" \/>\t\t\t\t\t\t\t\t\t\t\t\t\t\t\t<\/div>\n\t\t\t\t<\/div>\n\t\t\t\t\t<\/div>\n\t\t<\/div>\n\t\t\t\t<div class=\"elementor-column elementor-col-50 elementor-top-column elementor-element elementor-element-f2f4a3b jltma-glass-effect-no\" data-id=\"f2f4a3b\" data-element_type=\"column\" data-e-type=\"column\">\n\t\t\t<div class=\"elementor-widget-wrap elementor-element-populated\">\n\t\t\t\t\t\t<div class=\"elementor-element elementor-element-cad9ee7 jltma-glass-effect-no elementor-widget elementor-widget-heading\" data-id=\"cad9ee7\" data-element_type=\"widget\" data-e-type=\"widget\" data-widget_type=\"heading.default\">\n\t\t\t\t<div class=\"elementor-widget-container\">\n\t\t\t\t\t<h3 class=\"elementor-heading-title elementor-size-default\">Emma Pasquer<\/h3>\t\t\t\t<\/div>\n\t\t\t\t<\/div>\n\t\t\t\t<div class=\"elementor-element elementor-element-5ea1c86 jltma-glass-effect-no elementor-widget elementor-widget-text-editor\" data-id=\"5ea1c86\" data-element_type=\"widget\" data-e-type=\"widget\" data-widget_type=\"text-editor.default\">\n\t\t\t\t<div class=\"elementor-widget-container\">\n\t\t\t\t\t\t\t\t\t<p>J\u2019ai sollicit\u00e9 Didier car je ressentais le besoin de renouveler mes outils et j\u2019avais envie de faire un \u00e9tat des lieux de ma technique vocale en amont d\u2019une s\u00e9rie de repr\u00e9sentations de mon spectacle Atypiques. Ces s\u00e9ances m\u2019ont vraiment nourrie et donn\u00e9 confiance. Didier m\u2019a confi\u00e9 des outils d\u2019une simplicit\u00e9 d\u00e9concertante mais dont la pratique assidue fonctionne de fa\u00e7on tr\u00e8s efficace. Cela compl\u00e9tait de fa\u00e7on tr\u00e8s pertinente la base que je m\u2019\u00e9tais construite petit \u00e0 petit. Ensemble, nous avons aussi analys\u00e9 les enjeux vocaux de certains moments cl\u00e9s de mon spectacle : pour que je gagne en libert\u00e9 et que je m\u2019amuse encore plus avec ma voix. Aujourd\u2019hui encore, plus d\u2019un an apr\u00e8s, j\u2019ai le souvenir de ces s\u00e9ances et celui-ci continue de me soutenir dans mon travail.<br \/><a href=\"https:\/\/www.instagram.com\/cieleseduls\/\">Instagram<\/a><\/p>\t\t\t\t\t\t\t\t<\/div>\n\t\t\t\t<\/div>\n\t\t\t\t\t<\/div>\n\t\t<\/div>\n\t\t\t\t\t<\/div>\n\t\t<\/section>\n\t\t\t\t<section class=\"elementor-section elementor-top-section elementor-element elementor-element-68f46da elementor-section-content-top elementor-section-boxed elementor-section-height-default elementor-section-height-default jltma-glass-effect-no\" data-id=\"68f46da\" data-element_type=\"section\" data-e-type=\"section\">\n\t\t\t\t\t\t<div class=\"elementor-container elementor-column-gap-default\">\n\t\t\t\t\t<div class=\"elementor-column elementor-col-50 elementor-top-column elementor-element elementor-element-1883a2d jltma-glass-effect-no\" data-id=\"1883a2d\" data-element_type=\"column\" data-e-type=\"column\">\n\t\t\t<div class=\"elementor-widget-wrap elementor-element-populated\">\n\t\t\t\t\t\t<div class=\"elementor-element elementor-element-8159501 jltma-glass-effect-no elementor-widget elementor-widget-image\" data-id=\"8159501\" data-element_type=\"widget\" data-e-type=\"widget\" data-widget_type=\"image.default\">\n\t\t\t\t<div class=\"elementor-widget-container\">\n\t\t\t\t\t\t\t\t\t\t\t\t\t\t\t<img decoding=\"async\" src=\"https:\/\/lalathings.com\/-\/wp-content\/uploads\/2025\/10\/Jasmin-Jadot.png\" title=\"Jasmin-Jadot\" alt=\"Jasmin-Jadot\" loading=\"lazy\" \/>\t\t\t\t\t\t\t\t\t\t\t\t\t\t\t<\/div>\n\t\t\t\t<\/div>\n\t\t\t\t\t<\/div>\n\t\t<\/div>\n\t\t\t\t<div class=\"elementor-column elementor-col-50 elementor-top-column elementor-element elementor-element-fedb68e jltma-glass-effect-no\" data-id=\"fedb68e\" data-element_type=\"column\" data-e-type=\"column\">\n\t\t\t<div class=\"elementor-widget-wrap elementor-element-populated\">\n\t\t\t\t\t\t<div class=\"elementor-element elementor-element-6daa2f8 jltma-glass-effect-no elementor-widget elementor-widget-heading\" data-id=\"6daa2f8\" data-element_type=\"widget\" data-e-type=\"widget\" data-widget_type=\"heading.default\">\n\t\t\t\t<div class=\"elementor-widget-container\">\n\t\t\t\t\t<h3 class=\"elementor-heading-title elementor-size-default\">Jasmin Jadot<\/h3>\t\t\t\t<\/div>\n\t\t\t\t<\/div>\n\t\t\t\t<div class=\"elementor-element elementor-element-211ac4c jltma-glass-effect-no elementor-widget elementor-widget-text-editor\" data-id=\"211ac4c\" data-element_type=\"widget\" data-e-type=\"widget\" data-widget_type=\"text-editor.default\">\n\t\t\t\t<div class=\"elementor-widget-container\">\n\t\t\t\t\t\t\t\t\t<p>J\u2019ai eu la chance de travailler avec Didier sur mon spectacle<span class=\"gmail-Apple-converted-space\">\u00a0<\/span><em>Welcome Home<\/em><span class=\"gmail-Apple-converted-space\">\u00a0<\/span>et sur un projet de film musical<em> Il est Mort le Soleil<\/em>.\u00a0<br \/>Didier est passionn\u00e9, a un plaisir communicatif \u00e0 transmettre, et une joie sinc\u00e8re qu\u2019il met dans chaque s\u00e9ance. Didier a cette capacit\u00e9 rare \u00e0 cr\u00e9er un espace \u00e0 la fois<span class=\"gmail-Apple-converted-space\">\u00a0<\/span>safe, exigeant et inspirant, o\u00f9 l\u2019on se sent libre d\u2019explorer en profondeur, d\u2019oser, de jouer et de se surprendre. J&rsquo;adore travailler avec lui \ud83d\ude42<br \/><a href=\"https:\/\/www.instagram.com\/noixdekadjou_\/\">Instagram<\/a><\/p>\t\t\t\t\t\t\t\t<\/div>\n\t\t\t\t<\/div>\n\t\t\t\t\t<\/div>\n\t\t<\/div>\n\t\t\t\t\t<\/div>\n\t\t<\/section>\n\t\t\t\t<section class=\"elementor-section elementor-top-section elementor-element elementor-element-70032d7 elementor-section-content-top elementor-section-boxed elementor-section-height-default elementor-section-height-default jltma-glass-effect-no\" data-id=\"70032d7\" data-element_type=\"section\" data-e-type=\"section\">\n\t\t\t\t\t\t<div class=\"elementor-container elementor-column-gap-default\">\n\t\t\t\t\t<div class=\"elementor-column elementor-col-50 elementor-top-column elementor-element elementor-element-04232df jltma-glass-effect-no\" data-id=\"04232df\" data-element_type=\"column\" data-e-type=\"column\">\n\t\t\t<div class=\"elementor-widget-wrap elementor-element-populated\">\n\t\t\t\t\t\t<div class=\"elementor-element elementor-element-d06429c jltma-glass-effect-no elementor-widget elementor-widget-image\" data-id=\"d06429c\" data-element_type=\"widget\" data-e-type=\"widget\" data-widget_type=\"image.default\">\n\t\t\t\t<div class=\"elementor-widget-container\">\n\t\t\t\t\t\t\t\t\t\t\t\t\t\t\t<img decoding=\"async\" src=\"https:\/\/lalathings.com\/-\/wp-content\/uploads\/2025\/10\/Florian-scaled.jpg\" title=\"Florian\" alt=\"Florian\" loading=\"lazy\" \/>\t\t\t\t\t\t\t\t\t\t\t\t\t\t\t<\/div>\n\t\t\t\t<\/div>\n\t\t\t\t\t<\/div>\n\t\t<\/div>\n\t\t\t\t<div class=\"elementor-column elementor-col-50 elementor-top-column elementor-element elementor-element-ae8bf6a jltma-glass-effect-no\" data-id=\"ae8bf6a\" data-element_type=\"column\" data-e-type=\"column\">\n\t\t\t<div class=\"elementor-widget-wrap elementor-element-populated\">\n\t\t\t\t\t\t<div class=\"elementor-element elementor-element-f739c5d jltma-glass-effect-no elementor-widget elementor-widget-heading\" data-id=\"f739c5d\" data-element_type=\"widget\" data-e-type=\"widget\" data-widget_type=\"heading.default\">\n\t\t\t\t<div class=\"elementor-widget-container\">\n\t\t\t\t\t<h3 class=\"elementor-heading-title elementor-size-default\">Florian Lesieur <\/h3>\t\t\t\t<\/div>\n\t\t\t\t<\/div>\n\t\t\t\t<div class=\"elementor-element elementor-element-f7ebf67 jltma-glass-effect-no elementor-widget elementor-widget-text-editor\" data-id=\"f7ebf67\" data-element_type=\"widget\" data-e-type=\"widget\" data-widget_type=\"text-editor.default\">\n\t\t\t\t<div class=\"elementor-widget-container\">\n\t\t\t\t\t\t\t\t\t<p>Pendant trois ans, Didier m\u2019a appris \u00e0 consid\u00e9rer la voix comme un v\u00e9ritable instrument. J\u2019ai appris \u00e0 la placer, l\u2019\u00e9chauffer, la moduler, la \u00ab salir \u00bb ou la sublimer selon le personnage, et \u00e0 comprendre son r\u00f4le central dans l\u2019interpr\u00e9tation. Lors de la pr\u00e9paration du long m\u00e9trage Cassandre \u00e9crit et r\u00e9alis\u00e9 par H\u00e9l\u00e8ne Merlin (sorti en avril 2025), \u00e9tant plus \u00e2g\u00e9 que le r\u00f4le, nous avons cr\u00e9\u00e9 ensemble cinq voix nuanc\u00e9es pour que la r\u00e9alisatrice puisse choisir la plus juste. Ce travail pr\u00e9cis m\u2019a permis d\u2019incarner avec pr\u00e9cision un personnage adolescent sans ab\u00eemer ma voix. La patience et l\u2019accompagnement de Didier m\u2019ont toujours rappel\u00e9 que le travail venait de moi, guid\u00e9 par ses outils. Aujourd\u2019hui, ses enseignements me servent chaque jour, en com\u00e9die comme en drame.\u00a0<br \/><a href=\"https:\/\/www.instagram.com\/florian__lesieur\/\">Instagram<\/a><\/p>\t\t\t\t\t\t\t\t<\/div>\n\t\t\t\t<\/div>\n\t\t\t\t\t<\/div>\n\t\t<\/div>\n\t\t\t\t\t<\/div>\n\t\t<\/section>\n\t\t\t\t<section class=\"elementor-section elementor-top-section elementor-element elementor-element-2870d5b elementor-section-content-top elementor-section-boxed elementor-section-height-default elementor-section-height-default jltma-glass-effect-no\" data-id=\"2870d5b\" data-element_type=\"section\" data-e-type=\"section\">\n\t\t\t\t\t\t<div class=\"elementor-container elementor-column-gap-default\">\n\t\t\t\t\t<div class=\"elementor-column elementor-col-50 elementor-top-column elementor-element elementor-element-bf15835 jltma-glass-effect-no\" data-id=\"bf15835\" data-element_type=\"column\" data-e-type=\"column\">\n\t\t\t<div class=\"elementor-widget-wrap elementor-element-populated\">\n\t\t\t\t\t\t<div class=\"elementor-element elementor-element-b60ecc2 jltma-glass-effect-no elementor-widget elementor-widget-image\" data-id=\"b60ecc2\" data-element_type=\"widget\" data-e-type=\"widget\" data-widget_type=\"image.default\">\n\t\t\t\t<div class=\"elementor-widget-container\">\n\t\t\t\t\t\t\t\t\t\t\t\t\t\t\t<img decoding=\"async\" src=\"https:\/\/lalathings.com\/-\/wp-content\/uploads\/2025\/10\/Meline-nb.jpg\" title=\"Me\u0301line-n&#038;b\" alt=\"Me\u0301line-n&amp;b\" loading=\"lazy\" \/>\t\t\t\t\t\t\t\t\t\t\t\t\t\t\t<\/div>\n\t\t\t\t<\/div>\n\t\t\t\t\t<\/div>\n\t\t<\/div>\n\t\t\t\t<div class=\"elementor-column elementor-col-50 elementor-top-column elementor-element elementor-element-1b7d78c jltma-glass-effect-no\" data-id=\"1b7d78c\" data-element_type=\"column\" data-e-type=\"column\">\n\t\t\t<div class=\"elementor-widget-wrap elementor-element-populated\">\n\t\t\t\t\t\t<div class=\"elementor-element elementor-element-94fd9bf jltma-glass-effect-no elementor-widget elementor-widget-heading\" data-id=\"94fd9bf\" data-element_type=\"widget\" data-e-type=\"widget\" data-widget_type=\"heading.default\">\n\t\t\t\t<div class=\"elementor-widget-container\">\n\t\t\t\t\t<h3 class=\"elementor-heading-title elementor-size-default\">M\u00e9line Fulda<\/h3>\t\t\t\t<\/div>\n\t\t\t\t<\/div>\n\t\t\t\t<div class=\"elementor-element elementor-element-604c62f jltma-glass-effect-no elementor-widget elementor-widget-text-editor\" data-id=\"604c62f\" data-element_type=\"widget\" data-e-type=\"widget\" data-widget_type=\"text-editor.default\">\n\t\t\t\t<div class=\"elementor-widget-container\">\n\t\t\t\t\t\t\t\t\t<p>Didier a \u00e9t\u00e9 notre collaborateur artistique pour la voix dans le cadre de notre pi\u00e8ce \u00ab\u00a0Tumultes\u00a0\u00bb. Son aide a \u00e9t\u00e9 tellement pr\u00e9cieuse ! En un clin d\u2019oeil Didier a compris quels \u00e9taient nos besoins, il s\u2019est adapt\u00e9 aux voix de chacun.e et a tr\u00e8s vite propos\u00e9 des solutions afin d\u2019am\u00e9liorer les assemblages des voix, les rythmes, les notes. Il nous a aid\u00e9 aussi bien sur les solo de chants que sur les choeurs et il a m\u00eame \u00e9t\u00e9 celui qui a traduit une vision que nous avions de bruitages : C\u2019est \u00e0 lui que nous devons la cr\u00e9ation de notre sc\u00e8ne de manifestation, enti\u00e8rement con\u00e7ue \u00e0 partir des voix des com\u00e9dien.nes. Fin p\u00e9dagogue, force de proposition, \u00e0 l\u2019\u00e9coute de nos besoins, cr\u00e9atif, c\u2019est un vrai plaisir de travailler avec Didier.<br \/><a href=\"https:\/\/www.instagram.com\/cie.lunoe\/\">Instagram<\/a><\/p>\t\t\t\t\t\t\t\t<\/div>\n\t\t\t\t<\/div>\n\t\t\t\t\t<\/div>\n\t\t<\/div>\n\t\t\t\t\t<\/div>\n\t\t<\/section>\n\t\t\t\t<section class=\"elementor-section elementor-top-section elementor-element elementor-element-236963f elementor-section-content-top elementor-section-boxed elementor-section-height-default elementor-section-height-default jltma-glass-effect-no\" data-id=\"236963f\" data-element_type=\"section\" data-e-type=\"section\">\n\t\t\t\t\t\t<div class=\"elementor-container elementor-column-gap-default\">\n\t\t\t\t\t<div class=\"elementor-column elementor-col-50 elementor-top-column elementor-element elementor-element-0c43bf3 jltma-glass-effect-no\" data-id=\"0c43bf3\" data-element_type=\"column\" data-e-type=\"column\">\n\t\t\t<div class=\"elementor-widget-wrap elementor-element-populated\">\n\t\t\t\t\t\t<div class=\"elementor-element elementor-element-63459cb elementor-widget__width-initial jltma-glass-effect-no elementor-widget elementor-widget-image\" data-id=\"63459cb\" data-element_type=\"widget\" data-e-type=\"widget\" data-widget_type=\"image.default\">\n\t\t\t\t<div class=\"elementor-widget-container\">\n\t\t\t\t\t\t\t\t\t\t\t\t\t\t\t<img decoding=\"async\" src=\"https:\/\/lalathings.com\/-\/wp-content\/uploads\/2025\/10\/Yassin-scaled.jpg\" title=\"Yassin\" alt=\"Yassin\" loading=\"lazy\" \/>\t\t\t\t\t\t\t\t\t\t\t\t\t\t\t<\/div>\n\t\t\t\t<\/div>\n\t\t\t\t\t<\/div>\n\t\t<\/div>\n\t\t\t\t<div class=\"elementor-column elementor-col-50 elementor-top-column elementor-element elementor-element-f96cd1a jltma-glass-effect-no\" data-id=\"f96cd1a\" data-element_type=\"column\" data-e-type=\"column\">\n\t\t\t<div class=\"elementor-widget-wrap elementor-element-populated\">\n\t\t\t\t\t\t<div class=\"elementor-element elementor-element-f926daa jltma-glass-effect-no elementor-widget elementor-widget-heading\" data-id=\"f926daa\" data-element_type=\"widget\" data-e-type=\"widget\" data-widget_type=\"heading.default\">\n\t\t\t\t<div class=\"elementor-widget-container\">\n\t\t\t\t\t<h3 class=\"elementor-heading-title elementor-size-default\">Yassin Keetan<\/h3>\t\t\t\t<\/div>\n\t\t\t\t<\/div>\n\t\t\t\t<div class=\"elementor-element elementor-element-dca0acf jltma-glass-effect-no elementor-widget elementor-widget-text-editor\" data-id=\"dca0acf\" data-element_type=\"widget\" data-e-type=\"widget\" data-widget_type=\"text-editor.default\">\n\t\t\t\t<div class=\"elementor-widget-container\">\n\t\t\t\t\t\t\t\t\t<p>\u00c0 l\u2019approche de ma toute premi\u00e8re exp\u00e9rience d\u2019enregistrement en studio, j\u2019ai sollicit\u00e9 l\u2019oreille aiguis\u00e9e et attentive de Didier. \u00c0 partir de mes d\u00e9mos, il m\u2019a apport\u00e9 des conseils pr\u00e9cieux qui m\u2019ont permis d\u2019aborder cette session avec confiance et joie. J\u2019appr\u00e9cie sa p\u00e9dagogie, nourrie de technique vocale et adapt\u00e9e \u00e0 chacun\u00b7e.<br \/><a href=\"https:\/\/www.instagram.com\/yassinkeetan\/\">Instagram<\/a><\/p>\t\t\t\t\t\t\t\t<\/div>\n\t\t\t\t<\/div>\n\t\t\t\t\t<\/div>\n\t\t<\/div>\n\t\t\t\t\t<\/div>\n\t\t<\/section>\n\t\t\t\t<section class=\"elementor-section elementor-top-section elementor-element elementor-element-5b1a105 elementor-section-content-top elementor-section-boxed elementor-section-height-default elementor-section-height-default jltma-glass-effect-no\" data-id=\"5b1a105\" data-element_type=\"section\" data-e-type=\"section\">\n\t\t\t\t\t\t<div class=\"elementor-container elementor-column-gap-default\">\n\t\t\t\t\t<div class=\"elementor-column elementor-col-50 elementor-top-column elementor-element elementor-element-115983d jltma-glass-effect-no\" data-id=\"115983d\" data-element_type=\"column\" data-e-type=\"column\">\n\t\t\t<div class=\"elementor-widget-wrap elementor-element-populated\">\n\t\t\t\t\t\t<div class=\"elementor-element elementor-element-8c73924 jltma-glass-effect-no elementor-widget elementor-widget-image\" data-id=\"8c73924\" data-element_type=\"widget\" data-e-type=\"widget\" data-widget_type=\"image.default\">\n\t\t\t\t<div class=\"elementor-widget-container\">\n\t\t\t\t\t\t\t\t\t\t\t\t\t\t\t<img decoding=\"async\" src=\"https:\/\/lalathings.com\/-\/wp-content\/uploads\/2025\/10\/Lili-scaled.jpg\" title=\"Lili\" alt=\"Lili\" loading=\"lazy\" \/>\t\t\t\t\t\t\t\t\t\t\t\t\t\t\t<\/div>\n\t\t\t\t<\/div>\n\t\t\t\t\t<\/div>\n\t\t<\/div>\n\t\t\t\t<div class=\"elementor-column elementor-col-50 elementor-top-column elementor-element elementor-element-aaa59db jltma-glass-effect-no\" data-id=\"aaa59db\" data-element_type=\"column\" data-e-type=\"column\">\n\t\t\t<div class=\"elementor-widget-wrap elementor-element-populated\">\n\t\t\t\t\t\t<div class=\"elementor-element elementor-element-d2c3d80 jltma-glass-effect-no elementor-widget elementor-widget-heading\" data-id=\"d2c3d80\" data-element_type=\"widget\" data-e-type=\"widget\" data-widget_type=\"heading.default\">\n\t\t\t\t<div class=\"elementor-widget-container\">\n\t\t\t\t\t<h3 class=\"elementor-heading-title elementor-size-default\">Lili Gomond<\/h3>\t\t\t\t<\/div>\n\t\t\t\t<\/div>\n\t\t\t\t<div class=\"elementor-element elementor-element-492a717 jltma-glass-effect-no elementor-widget elementor-widget-text-editor\" data-id=\"492a717\" data-element_type=\"widget\" data-e-type=\"widget\" data-widget_type=\"text-editor.default\">\n\t\t\t\t<div class=\"elementor-widget-container\">\n\t\t\t\t\t\t\t\t\t<p>Didier est une personne ressource et cl\u00e9 pour accompagner un projet sc\u00e9nique. Son \u00e9clectisme et ses connaissances multiples relient, dans un m\u00eame geste physique, le travail vocal et le travail dramatique.<br \/>Il permet de d\u00e9couvrir et de r\u00e9v\u00e9ler sa voix dans tout son potentiel, tout en \u00e9tant \u00e0 l\u2019\u00e9coute du travail de cr\u00e9ation dans lequel il s\u2019ins\u00e8re. Je retiens de cette exp\u00e9rience d\u2019accompagnement avec Didier les outils d\u2019exploration pour cr\u00e9er, chercher et improviser avec sa voix, tout en ne la dissociant pas du corps. <br \/><a href=\"https:\/\/www.instagram.com\/lili_gomond\/\">Instagram<\/a><\/p>\t\t\t\t\t\t\t\t<\/div>\n\t\t\t\t<\/div>\n\t\t\t\t\t<\/div>\n\t\t<\/div>\n\t\t\t\t\t<\/div>\n\t\t<\/section>\n\t\t\t\t<section class=\"elementor-section elementor-top-section elementor-element elementor-element-8b8ff1e elementor-section-boxed elementor-section-height-default elementor-section-height-default jltma-glass-effect-no\" data-id=\"8b8ff1e\" data-element_type=\"section\" data-e-type=\"section\">\n\t\t\t\t\t\t<div class=\"elementor-container elementor-column-gap-default\">\n\t\t\t\t\t<div class=\"elementor-column elementor-col-100 elementor-top-column elementor-element elementor-element-7b3ecfb jltma-glass-effect-no\" data-id=\"7b3ecfb\" data-element_type=\"column\" data-e-type=\"column\">\n\t\t\t<div class=\"elementor-widget-wrap elementor-element-populated\">\n\t\t\t\t\t\t<div class=\"elementor-element elementor-element-4ba50b9 elementor-widget-divider--view-line jltma-glass-effect-no elementor-widget elementor-widget-divider\" data-id=\"4ba50b9\" data-element_type=\"widget\" data-e-type=\"widget\" data-widget_type=\"divider.default\">\n\t\t\t\t<div class=\"elementor-widget-container\">\n\t\t\t\t\t\t\t<div class=\"elementor-divider\">\n\t\t\t<span class=\"elementor-divider-separator\">\n\t\t\t\t\t\t<\/span>\n\t\t<\/div>\n\t\t\t\t\t\t<\/div>\n\t\t\t\t<\/div>\n\t\t\t\t\t<\/div>\n\t\t<\/div>\n\t\t\t\t\t<\/div>\n\t\t<\/section>\n\t\t\t\t<\/div>\n\t\t","protected":false},"excerpt":{"rendered":"<p>Accompagnement Vocal et Artistique Entra\u00eenement vocal et accompagnement de projets artistiques Un projet ? Tu portes un projet artistique et aimerais b\u00e9n\u00e9ficier d\u2019un accompagnement vocal ?\u2028Tu souhaites offrir \u00e0 tes com\u00e9diens des outils de technique vocale ? Tu veux d\u00e9velopper ton expression parl\u00e9e et chant\u00e9e, et l\u2019affirmer pleinement sur sc\u00e8ne ?Tu cherches \u00e0 fa\u00e7onner la [&hellip;]<\/p>\n","protected":false},"author":1,"featured_media":0,"parent":0,"menu_order":0,"comment_status":"closed","ping_status":"closed","template":"","meta":{"footnotes":""},"class_list":["post-2178","page","type-page","status-publish","hentry"],"_links":{"self":[{"href":"https:\/\/lalathings.com\/-\/Home\/wp-json\/wp\/v2\/pages\/2178","targetHints":{"allow":["GET"]}}],"collection":[{"href":"https:\/\/lalathings.com\/-\/Home\/wp-json\/wp\/v2\/pages"}],"about":[{"href":"https:\/\/lalathings.com\/-\/Home\/wp-json\/wp\/v2\/types\/page"}],"author":[{"embeddable":true,"href":"https:\/\/lalathings.com\/-\/Home\/wp-json\/wp\/v2\/users\/1"}],"replies":[{"embeddable":true,"href":"https:\/\/lalathings.com\/-\/Home\/wp-json\/wp\/v2\/comments?post=2178"}],"version-history":[{"count":275,"href":"https:\/\/lalathings.com\/-\/Home\/wp-json\/wp\/v2\/pages\/2178\/revisions"}],"predecessor-version":[{"id":3983,"href":"https:\/\/lalathings.com\/-\/Home\/wp-json\/wp\/v2\/pages\/2178\/revisions\/3983"}],"wp:attachment":[{"href":"https:\/\/lalathings.com\/-\/Home\/wp-json\/wp\/v2\/media?parent=2178"}],"curies":[{"name":"wp","href":"https:\/\/api.w.org\/{rel}","templated":true}]}}